{"id":6017,"date":"2024-12-11T18:40:59","date_gmt":"2024-12-11T17:40:59","guid":{"rendered":"https:\/\/visite.be\/conditions-generales-dutilisation\/"},"modified":"2026-01-06T16:28:34","modified_gmt":"2026-01-06T15:28:34","slug":"conditions-generales-dutilisation","status":"publish","type":"page","link":"https:\/\/visite.be\/fr\/conditions-generales-dutilisation\/","title":{"rendered":"Conditions g\u00e9n\u00e9rales d&rsquo;utilisation"},"content":{"rendered":"\t\t<div data-elementor-type=\"wp-page\" data-elementor-id=\"6017\" class=\"elementor elementor-6017 elementor-2407\" data-elementor-post-type=\"page\">\n\t\t\t\t<div class=\"elementor-element elementor-element-cb5a0f1 e-flex e-con-boxed e-con e-parent\" data-id=\"cb5a0f1\" data-element_type=\"container\" data-e-type=\"container\">\n\t\t\t\t\t<div class=\"e-con-inner\">\n\t\t\t\t<div class=\"elementor-element elementor-element-bba842c elementor-widget elementor-widget-heading\" data-id=\"bba842c\" data-element_type=\"widget\" data-e-type=\"widget\" data-widget_type=\"heading.default\">\n\t\t\t\t<div class=\"elementor-widget-container\">\n\t\t\t\t\t<h1 class=\"elementor-heading-title elementor-size-default\">Conditions g\u00e9n\u00e9rales d'utilisation<\/h1>\t\t\t\t<\/div>\n\t\t\t\t<\/div>\n\t\t\t\t\t<\/div>\n\t\t\t\t<\/div>\n\t\t<div class=\"elementor-element elementor-element-6913843 e-flex e-con-boxed e-con e-parent\" data-id=\"6913843\" data-element_type=\"container\" data-e-type=\"container\">\n\t\t\t\t\t<div class=\"e-con-inner\">\n\t\t\t\t<div class=\"elementor-element elementor-element-9e0c481 elementor-widget elementor-widget-table-of-contents\" data-id=\"9e0c481\" data-element_type=\"widget\" data-e-type=\"widget\" data-settings=\"{&quot;exclude_headings_by_selector&quot;:[],&quot;no_headings_message&quot;:&quot;Er zijn geen kopteksten gevonden op deze pagina.&quot;,&quot;headings_by_tags&quot;:[&quot;h2&quot;,&quot;h3&quot;,&quot;h4&quot;,&quot;h5&quot;,&quot;h6&quot;],&quot;marker_view&quot;:&quot;numbers&quot;,&quot;hierarchical_view&quot;:&quot;yes&quot;,&quot;min_height&quot;:{&quot;unit&quot;:&quot;px&quot;,&quot;size&quot;:&quot;&quot;,&quot;sizes&quot;:[]},&quot;min_height_tablet&quot;:{&quot;unit&quot;:&quot;px&quot;,&quot;size&quot;:&quot;&quot;,&quot;sizes&quot;:[]},&quot;min_height_mobile&quot;:{&quot;unit&quot;:&quot;px&quot;,&quot;size&quot;:&quot;&quot;,&quot;sizes&quot;:[]}}\" data-widget_type=\"table-of-contents.default\">\n\t\t\t\t<div class=\"elementor-widget-container\">\n\t\t\t\t\t\t\t\t\t<div class=\"elementor-toc__header\">\n\t\t\t\t\t\t<h2 class=\"elementor-toc__header-title\">\n\t\t\t\tTable des mati\u00e8res\t\t\t<\/h2>\n\t\t\t\t\t\t\t\t<\/div>\n\t\t\t\t<div id=\"elementor-toc__9e0c481\" class=\"elementor-toc__body\">\n\t\t\t<div class=\"elementor-toc__spinner-container\">\n\t\t\t\t<svg class=\"elementor-toc__spinner eicon-animation-spin e-font-icon-svg e-eicon-loading\" aria-hidden=\"true\" viewBox=\"0 0 1000 1000\" xmlns=\"http:\/\/www.w3.org\/2000\/svg\"><path d=\"M500 975V858C696 858 858 696 858 500S696 142 500 142 142 304 142 500H25C25 237 238 25 500 25S975 237 975 500 763 975 500 975Z\"><\/path><\/svg>\t\t\t<\/div>\n\t\t<\/div>\n\t\t\t\t\t\t<\/div>\n\t\t\t\t<\/div>\n\t\t\t\t<div class=\"elementor-element elementor-element-3a4ec63 elementor-widget elementor-widget-heading\" data-id=\"3a4ec63\" data-element_type=\"widget\" data-e-type=\"widget\" data-widget_type=\"heading.default\">\n\t\t\t\t<div class=\"elementor-widget-container\">\n\t\t\t\t\t<h2 class=\"elementor-heading-title elementor-size-default\">G\u00e9n\u00e9ral<\/h2>\t\t\t\t<\/div>\n\t\t\t\t<\/div>\n\t\t\t\t<div class=\"elementor-element elementor-element-1c06c9b elementor-widget elementor-widget-text-editor\" data-id=\"1c06c9b\" data-element_type=\"widget\" data-e-type=\"widget\" data-widget_type=\"text-editor.default\">\n\t\t\t\t<div class=\"elementor-widget-container\">\n\t\t\t\t\t\t\t\t\t<p>Annick Van Yper et Marc De Baerdemaeker sont le propri\u00e9taire et le g\u00e9rant du B&amp;B Visite. Le propri\u00e9taire peut \u00eatre remplac\u00e9 par un membre de la famille ou une connaissance, si les circonstances l&rsquo;exigent. <\/p><p>Les pr\u00e9sentes conditions g\u00e9n\u00e9rales s&rsquo;appliquent \u00e0 tous les utilisateurs de B&amp;B Visite, situ\u00e9 \u00e0 Lindenlaan 5 &#8211; 9940 Ertvelde (Belgique).<\/p><p>Les pr\u00e9sentes conditions g\u00e9n\u00e9rales entrent en vigueur d\u00e8s la conclusion d&rsquo;un contrat de location.<\/p><p>Sur demande, une copie des pr\u00e9sentes conditions g\u00e9n\u00e9rales sera fournie gratuitement aux utilisateurs.<\/p><p>Les locataires doivent avoir un lieu de r\u00e9sidence permanent et \u00eatre \u00e2g\u00e9s d&rsquo;au moins 21 ans.<\/p><p>Le gestionnaire n&rsquo;est pas responsable des dommages, de la perte ou du vol des biens des utilisateurs. En cas de litige, tous les frais (juridiques) sont \u00e0 la charge des utilisateurs. <\/p><p>Tous les risques li\u00e9s \u00e0 un s\u00e9jour dans le B&amp;B Visite sont \u00e0 la charge des utilisateurs.<\/p><p>Les dommages et la perte des biens mobiliers et immobiliers du propri\u00e9taire doivent \u00eatre signal\u00e9s et rembours\u00e9s au propri\u00e9taire par les utilisateurs pendant le s\u00e9jour.<\/p><p>Les clients doivent suivre les instructions du directeur.<\/p><p>En cas de violation des pr\u00e9sentes conditions g\u00e9n\u00e9rales et de comportement inappropri\u00e9, le g\u00e9rant peut refuser l&rsquo;acc\u00e8s des clients au B&amp;B Visite, sans autre avis ni explication et sans remboursement des frais d&rsquo;h\u00e9bergement.<\/p><p>Les enregistrements de l&rsquo;administrateur sont d\u00e9cisifs en cas de d\u00e9saccord mutuel, sauf si les utilisateurs peuvent prouver le contraire.<\/p><p>Les h\u00f4tes du B&amp;B Visite doivent respecter le r\u00e8glement int\u00e9rieur ci-dessous.<\/p>\t\t\t\t\t\t\t\t<\/div>\n\t\t\t\t<\/div>\n\t\t\t\t<div class=\"elementor-element elementor-element-e36f631 elementor-widget elementor-widget-heading\" data-id=\"e36f631\" data-element_type=\"widget\" data-e-type=\"widget\" data-widget_type=\"heading.default\">\n\t\t\t\t<div class=\"elementor-widget-container\">\n\t\t\t\t\t<h2 class=\"elementor-heading-title elementor-size-default\">R\u00e9servation - paiement de l'acompte et confirmation<\/h2>\t\t\t\t<\/div>\n\t\t\t\t<\/div>\n\t\t\t\t<div class=\"elementor-element elementor-element-8497dd3 elementor-widget elementor-widget-text-editor\" data-id=\"8497dd3\" data-element_type=\"widget\" data-e-type=\"widget\" data-widget_type=\"text-editor.default\">\n\t\t\t\t<div class=\"elementor-widget-container\">\n\t\t\t\t\t\t\t\t\t<p>Le contrat de location peut \u00eatre conclu (sous r\u00e9serve de disponibilit\u00e9) par courrier \u00e9lectronique ou par le biais du formulaire de r\u00e9servation sur le site web<a href=\"http:\/\/www.visite.be\/\">(www.visite.be)<\/a> ou par d&rsquo;autres canaux de r\u00e9servation. <strong>Les r\u00e9servations par t\u00e9l\u00e9phone doivent toujours \u00eatre suivies d&rsquo;une confirmation par e-mail de la part de l&rsquo;utilisateur.<\/strong><\/p><ul><li>Si une chambre est r\u00e9serv\u00e9e pour <strong>une nuit<\/strong>, <strong>aucun d\u00e9p\u00f4t n&rsquo;est<\/strong> requis.<\/li><li>Si une chambre est r\u00e9serv\u00e9e pour <strong>2 nuits ou plus<\/strong>, B&amp;B Visite enverra une confirmation par e-mail avec une demande de paiement de l&rsquo;<strong>acompte<\/strong>, qui est de<strong> 50%<\/strong> du montant total de votre s\u00e9jour (y compris le petit d\u00e9jeuner). A ce moment-l\u00e0, la r\u00e9servation est \u00ab\u00a0en option\u00a0\u00bb et les jours que vous avez choisis restent libres pour vous. Si le paiement est re\u00e7u par B&amp;B Visite dans le d\u00e9lai stipul\u00e9 de 5 jours ouvrables, la r\u00e9servation est d\u00e9finitive et vous recevrez une confirmation par e-mail. Si le paiement n&rsquo;est pas re\u00e7u dans le d\u00e9lai imparti, l&rsquo;option et la demande de r\u00e9servation seront annul\u00e9es.   <\/li><li>Si une chambre se lib\u00e8re \u00e0 la derni\u00e8re minute (dans la semaine), l&rsquo;acompte est perdu et, apr\u00e8s avoir contact\u00e9 B&amp;B Visite, il vous sera demand\u00e9 de payer le montant total imm\u00e9diatement. Si aucun contact pr\u00e9alable n&rsquo;a \u00e9t\u00e9 \u00e9tabli, B&amp;B Visite ne peut pas accepter la r\u00e9servation. Dans ce cas, le montant pay\u00e9 sera rembours\u00e9 int\u00e9gralement sans d\u00e9duction de frais dans les meilleurs d\u00e9lais sur le compte \u00e0 partir duquel le paiement a \u00e9t\u00e9 effectu\u00e9.    <\/li><li>Pour une nuit\u00e9e lors d&rsquo;un <strong>jour f\u00e9ri\u00e9<\/strong>, il y a un suppl\u00e9ment <strong>de 20 euros par chambre<\/strong>.<\/li><\/ul><p> <\/p><p>Le formulaire de r\u00e9servation du site Internet fait r\u00e9f\u00e9rence aux pr\u00e9sentes conditions g\u00e9n\u00e9rales.<\/p>\t\t\t\t\t\t\t\t<\/div>\n\t\t\t\t<\/div>\n\t\t\t\t<div class=\"elementor-element elementor-element-b8e312f elementor-widget elementor-widget-heading\" data-id=\"b8e312f\" data-element_type=\"widget\" data-e-type=\"widget\" data-widget_type=\"heading.default\">\n\t\t\t\t<div class=\"elementor-widget-container\">\n\t\t\t\t\t<h2 class=\"elementor-heading-title elementor-size-default\">Paiement<\/h2>\t\t\t\t<\/div>\n\t\t\t\t<\/div>\n\t\t\t\t<div class=\"elementor-element elementor-element-19b2a53 elementor-widget elementor-widget-text-editor\" data-id=\"19b2a53\" data-element_type=\"widget\" data-e-type=\"widget\" data-widget_type=\"text-editor.default\">\n\t\t\t\t<div class=\"elementor-widget-container\">\n\t\t\t\t\t\t\t\t\t<p>Tous les frais d&rsquo;h\u00e9bergement doivent \u00eatre r\u00e9gl\u00e9s au moment du d\u00e9part. Vous pouvez le faire en esp\u00e8ces, par Bancontact\/Payconiq, Visa ou American Express. <\/p><p>Vous trouverez les tarifs actuels sur notre site Internet, sous la rubrique \u00ab\u00a0h\u00e9bergement\u00a0\u00bb.<\/p><p>Si vous le souhaitez, la facture sera envoy\u00e9e sous forme num\u00e9rique.<\/p>\t\t\t\t\t\t\t\t<\/div>\n\t\t\t\t<\/div>\n\t\t\t\t<div class=\"elementor-element elementor-element-93f72d5 elementor-widget elementor-widget-heading\" data-id=\"93f72d5\" data-element_type=\"widget\" data-e-type=\"widget\" data-widget_type=\"heading.default\">\n\t\t\t\t<div class=\"elementor-widget-container\">\n\t\t\t\t\t<h2 class=\"elementor-heading-title elementor-size-default\">Petit d\u00e9jeuner<\/h2>\t\t\t\t<\/div>\n\t\t\t\t<\/div>\n\t\t\t\t<div class=\"elementor-element elementor-element-2ed245c elementor-widget elementor-widget-text-editor\" data-id=\"2ed245c\" data-element_type=\"widget\" data-e-type=\"widget\" data-widget_type=\"text-editor.default\">\n\t\t\t\t<div class=\"elementor-widget-container\">\n\t\t\t\t\t\t\t\t\t<p>Le petit-d\u00e9jeuner est optionnel, veuillez indiquer votre choix (petit-d\u00e9jeuner standard ou de luxe).<\/p><p>Les h\u00f4tes sont tenus de s&rsquo;informer de toute allergie, intol\u00e9rance alimentaire ou r\u00e9gime.<\/p>\t\t\t\t\t\t\t\t<\/div>\n\t\t\t\t<\/div>\n\t\t\t\t<div class=\"elementor-element elementor-element-286c39d elementor-widget elementor-widget-heading\" data-id=\"286c39d\" data-element_type=\"widget\" data-e-type=\"widget\" data-widget_type=\"heading.default\">\n\t\t\t\t<div class=\"elementor-widget-container\">\n\t\t\t\t\t<h2 class=\"elementor-heading-title elementor-size-default\">Annulation<\/h2>\t\t\t\t<\/div>\n\t\t\t\t<\/div>\n\t\t\t\t<div class=\"elementor-element elementor-element-d868e2e elementor-widget elementor-widget-text-editor\" data-id=\"d868e2e\" data-element_type=\"widget\" data-e-type=\"widget\" data-widget_type=\"text-editor.default\">\n\t\t\t\t<div class=\"elementor-widget-container\">\n\t\t\t\t\t\t\t\t\t<p>Nous comprenons qu&rsquo;il peut toujours y avoir des circonstances impr\u00e9vues qui vous emp\u00eachent d&rsquo;\u00eatre pr\u00e9sent. Dans ce cas, nous vous demandons de bien vouloir nous en informer d\u00e8s que possible. <\/p><p>En cas d&rsquo;annulation dans les d\u00e9lais, jusqu&rsquo;\u00e0 21 jours avant la date de d\u00e9but, l&rsquo;acompte sera rembours\u00e9.  <\/p><p>Si vous avez r\u00e9serv\u00e9 un s\u00e9jour de derni\u00e8re minute (dans la semaine), celui-ci ne peut plus \u00eatre annul\u00e9.<\/p>\t\t\t\t\t\t\t\t<\/div>\n\t\t\t\t<\/div>\n\t\t\t\t<div class=\"elementor-element elementor-element-6f11fc8 elementor-widget elementor-widget-heading\" data-id=\"6f11fc8\" data-element_type=\"widget\" data-e-type=\"widget\" data-widget_type=\"heading.default\">\n\t\t\t\t<div class=\"elementor-widget-container\">\n\t\t\t\t\t<h2 class=\"elementor-heading-title elementor-size-default\">R\u00e8glement int\u00e9rieur<\/h2>\t\t\t\t<\/div>\n\t\t\t\t<\/div>\n\t\t\t\t<div class=\"elementor-element elementor-element-dcc42c4 elementor-widget elementor-widget-text-editor\" data-id=\"dcc42c4\" data-element_type=\"widget\" data-e-type=\"widget\" data-widget_type=\"text-editor.default\">\n\t\t\t\t<div class=\"elementor-widget-container\">\n\t\t\t\t\t\t\t\t\t<p><strong>1. Arriv\u00e9e et d\u00e9part<\/strong><\/p><p>Le jour de votre arriv\u00e9e, vous \u00eates les bienvenus entre 15h30 et 18h00. Une arriv\u00e9e plus tardive est possible, mais de pr\u00e9f\u00e9rence sur accord pr\u00e9alable, car le service de restauration commence \u00e0 18 h 30. Les bagages peuvent, dans la mesure du possible, \u00eatre apport\u00e9s plus t\u00f4t.  <\/p><p>Le jour du d\u00e9part, nous aimerions vous dire au revoir avant 10h30.<\/p><p>A des fins d&rsquo;identification, nous vous demanderons de pr\u00e9senter votre passeport ou votre carte d&rsquo;identit\u00e9. Nous en ferons une copie qui sera d\u00e9truite au plus tard 7 jours ouvrables apr\u00e8s votre d\u00e9part. <\/p><p>Aucun remboursement ne sera effectu\u00e9 en cas de d\u00e9part anticip\u00e9.<\/p><p><strong>2. Votre s\u00e9jour<\/strong><\/p><p>L&rsquo;utilisation du B&amp;B Visite par des personnes autres que les locataires n&rsquo;est pas autoris\u00e9e.<\/p><p>Nous vous demandons de traiter l&rsquo;inventaire et le mobilier avec soin pendant votre s\u00e9jour.<\/p><p>Nous vous demandons \u00e9galement de ne pas causer de nuisances sonores.  <\/p><p>Une fois re\u00e7u, vous pouvez entrer et sortir librement pendant votre s\u00e9jour, car nous travaillons avec un code d&rsquo;acc\u00e8s et une serrure salto. Ce badge doit \u00eatre rendu au moment du d\u00e9part. Le code d&rsquo;acc\u00e8s est modifi\u00e9 pour chaque h\u00f4te.  <\/p><p><strong>3. S\u00e9curit\u00e9 et environnement<\/strong><\/p><p>Le stationnement est gratuit sur un terrain priv\u00e9 devant la porte.<\/p><p>Une trousse de secours est \u00e0 votre disposition (placard de l&rsquo;aperobar &#8211; en bas \u00e0 droite).<\/p><p>Si vous emmenez un animal de compagnie avec vous, vous devez en discuter au pr\u00e9alable avec son propri\u00e9taire. Celui-ci vous posera des questions sur le comportement de l&rsquo;animal. Les dommages caus\u00e9s par l&rsquo;animal doivent \u00eatre compens\u00e9s.  <\/p><p>Il est interdit de fumer dans les chambres et les parties communes. Si vous souhaitez fumer, vous ne pouvez le faire que dans le jardin (pas devant la maison). En cas d&rsquo;infraction, un d\u00e9dommagement de 135 euros vous sera factur\u00e9. (Le prix d&rsquo;une nuit\u00e9e car la chambre ne peut pas \u00eatre lou\u00e9e le lendemain en raison des nuisances olfactives.<\/p><p>Les chambres conviennent pour une nuit\u00e9e de deux personnes maximum. Si n\u00e9cessaire, un lit d&rsquo;enfant peut \u00eatre ajout\u00e9 sur demande dans la salle d&rsquo;attente (la salle du m\u00e9decin n&rsquo;est pas pr\u00e9vue \u00e0 cet effet). <\/p><p>Si vous avez des questions sur ce qui pr\u00e9c\u00e8de ou toute autre question, nous serons heureux de vous aider.  <\/p><p><br>Meilleures salutations, Annick et Marc<\/p><p>B&amp;B et Restaurant Visite<\/p>\t\t\t\t\t\t\t\t<\/div>\n\t\t\t\t<\/div>\n\t\t\t\t\t<\/div>\n\t\t\t\t<\/div>\n\t\t\t\t<\/div>\n\t\t","protected":false},"excerpt":{"rendered":"<p>Conditions g\u00e9n\u00e9rales d&rsquo;utilisation Table des mati\u00e8res G\u00e9n\u00e9ral Annick Van Yper et Marc De Baerdemaeker sont le propri\u00e9taire et le g\u00e9rant du B&amp;B Visite. Le propri\u00e9taire peut \u00eatre remplac\u00e9 par un membre de la famille ou une connaissance, si les circonstances l&rsquo;exigent. Les pr\u00e9sentes conditions g\u00e9n\u00e9rales s&rsquo;appliquent \u00e0 tous les utilisateurs de B&amp;B Visite, situ\u00e9 \u00e0 [&hellip;]<\/p>\n","protected":false},"author":1,"featured_media":0,"parent":0,"menu_order":0,"comment_status":"closed","ping_status":"closed","template":"","meta":{"footnotes":""},"class_list":["post-6017","page","type-page","status-publish","hentry"],"yoast_head":"<!-- This site is optimized with the Yoast SEO plugin v27.5 - https:\/\/yoast.com\/product\/yoast-seo-wordpress\/ -->\n<title>Conditions g\u00e9n\u00e9rales d&#039;utilisation - Visite<\/title>\n<meta name=\"robots\" content=\"index, follow, max-snippet:-1, max-image-preview:large, max-video-preview:-1\" \/>\n<link rel=\"canonical\" href=\"https:\/\/visite.be\/fr\/conditions-generales-dutilisation\/\" \/>\n<meta property=\"og:locale\" content=\"fr_FR\" \/>\n<meta property=\"og:type\" content=\"article\" \/>\n<meta property=\"og:title\" content=\"Conditions g\u00e9n\u00e9rales d&#039;utilisation - Visite\" \/>\n<meta property=\"og:description\" content=\"Conditions g\u00e9n\u00e9rales d&rsquo;utilisation Table des mati\u00e8res G\u00e9n\u00e9ral Annick Van Yper et Marc De Baerdemaeker sont le propri\u00e9taire et le g\u00e9rant du B&amp;B Visite. Le propri\u00e9taire peut \u00eatre remplac\u00e9 par un membre de la famille ou une connaissance, si les circonstances l&rsquo;exigent. Les pr\u00e9sentes conditions g\u00e9n\u00e9rales s&rsquo;appliquent \u00e0 tous les utilisateurs de B&amp;B Visite, situ\u00e9 \u00e0 [&hellip;]\" \/>\n<meta property=\"og:url\" content=\"https:\/\/visite.be\/fr\/conditions-generales-dutilisation\/\" \/>\n<meta property=\"og:site_name\" content=\"Visite\" \/>\n<meta property=\"article:publisher\" content=\"https:\/\/www.facebook.com\/Visite.be\" \/>\n<meta property=\"article:modified_time\" content=\"2026-01-06T15:28:34+00:00\" \/>\n<meta property=\"og:image\" content=\"https:\/\/visite.be\/wp-content\/uploads\/2024\/12\/cropped-Logo-Visiste.png\" \/>\n\t<meta property=\"og:image:width\" content=\"512\" \/>\n\t<meta property=\"og:image:height\" content=\"512\" \/>\n\t<meta property=\"og:image:type\" content=\"image\/png\" \/>\n<script type=\"application\/ld+json\" class=\"yoast-schema-graph\">{\"@context\":\"https:\\\/\\\/schema.org\",\"@graph\":[{\"@type\":\"WebPage\",\"@id\":\"https:\\\/\\\/visite.be\\\/fr\\\/conditions-generales-dutilisation\\\/\",\"url\":\"https:\\\/\\\/visite.be\\\/fr\\\/conditions-generales-dutilisation\\\/\",\"name\":\"Conditions g\u00e9n\u00e9rales d'utilisation - Visite\",\"isPartOf\":{\"@id\":\"https:\\\/\\\/visite.be\\\/fr\\\/#website\"},\"datePublished\":\"2024-12-11T17:40:59+00:00\",\"dateModified\":\"2026-01-06T15:28:34+00:00\",\"breadcrumb\":{\"@id\":\"https:\\\/\\\/visite.be\\\/fr\\\/conditions-generales-dutilisation\\\/#breadcrumb\"},\"inLanguage\":\"fr-FR\",\"potentialAction\":[{\"@type\":\"ReadAction\",\"target\":[\"https:\\\/\\\/visite.be\\\/fr\\\/conditions-generales-dutilisation\\\/\"]}]},{\"@type\":\"BreadcrumbList\",\"@id\":\"https:\\\/\\\/visite.be\\\/fr\\\/conditions-generales-dutilisation\\\/#breadcrumb\",\"itemListElement\":[{\"@type\":\"ListItem\",\"position\":1,\"name\":\"Home\",\"item\":\"https:\\\/\\\/visite.be\\\/fr\\\/\"},{\"@type\":\"ListItem\",\"position\":2,\"name\":\"Conditions g\u00e9n\u00e9rales d&rsquo;utilisation\"}]},{\"@type\":\"WebSite\",\"@id\":\"https:\\\/\\\/visite.be\\\/fr\\\/#website\",\"url\":\"https:\\\/\\\/visite.be\\\/fr\\\/\",\"name\":\"Visite\",\"description\":\"Huis vol smaak\",\"publisher\":{\"@id\":\"https:\\\/\\\/visite.be\\\/fr\\\/#organization\"},\"alternateName\":\"Restaurant B&B Visite\",\"potentialAction\":[{\"@type\":\"SearchAction\",\"target\":{\"@type\":\"EntryPoint\",\"urlTemplate\":\"https:\\\/\\\/visite.be\\\/fr\\\/?s={search_term_string}\"},\"query-input\":{\"@type\":\"PropertyValueSpecification\",\"valueRequired\":true,\"valueName\":\"search_term_string\"}}],\"inLanguage\":\"fr-FR\"},{\"@type\":\"Organization\",\"@id\":\"https:\\\/\\\/visite.be\\\/fr\\\/#organization\",\"name\":\"Visite\",\"alternateName\":\"Restaurant B&B Visite\",\"url\":\"https:\\\/\\\/visite.be\\\/fr\\\/\",\"logo\":{\"@type\":\"ImageObject\",\"inLanguage\":\"fr-FR\",\"@id\":\"https:\\\/\\\/visite.be\\\/fr\\\/#\\\/schema\\\/logo\\\/image\\\/\",\"url\":\"https:\\\/\\\/visite.be\\\/wp-content\\\/uploads\\\/2024\\\/11\\\/visite_web-1.png\",\"contentUrl\":\"https:\\\/\\\/visite.be\\\/wp-content\\\/uploads\\\/2024\\\/11\\\/visite_web-1.png\",\"width\":101,\"height\":113,\"caption\":\"Visite\"},\"image\":{\"@id\":\"https:\\\/\\\/visite.be\\\/fr\\\/#\\\/schema\\\/logo\\\/image\\\/\"},\"sameAs\":[\"https:\\\/\\\/www.facebook.com\\\/Visite.be\"]}]}<\/script>\n<!-- \/ Yoast SEO plugin. -->","yoast_head_json":{"title":"Conditions g\u00e9n\u00e9rales d'utilisation - Visite","robots":{"index":"index","follow":"follow","max-snippet":"max-snippet:-1","max-image-preview":"max-image-preview:large","max-video-preview":"max-video-preview:-1"},"canonical":"https:\/\/visite.be\/fr\/conditions-generales-dutilisation\/","og_locale":"fr_FR","og_type":"article","og_title":"Conditions g\u00e9n\u00e9rales d'utilisation - Visite","og_description":"Conditions g\u00e9n\u00e9rales d&rsquo;utilisation Table des mati\u00e8res G\u00e9n\u00e9ral Annick Van Yper et Marc De Baerdemaeker sont le propri\u00e9taire et le g\u00e9rant du B&amp;B Visite. Le propri\u00e9taire peut \u00eatre remplac\u00e9 par un membre de la famille ou une connaissance, si les circonstances l&rsquo;exigent. Les pr\u00e9sentes conditions g\u00e9n\u00e9rales s&rsquo;appliquent \u00e0 tous les utilisateurs de B&amp;B Visite, situ\u00e9 \u00e0 [&hellip;]","og_url":"https:\/\/visite.be\/fr\/conditions-generales-dutilisation\/","og_site_name":"Visite","article_publisher":"https:\/\/www.facebook.com\/Visite.be","article_modified_time":"2026-01-06T15:28:34+00:00","og_image":[{"width":512,"height":512,"url":"https:\/\/visite.be\/wp-content\/uploads\/2024\/12\/cropped-Logo-Visiste.png","type":"image\/png"}],"schema":{"@context":"https:\/\/schema.org","@graph":[{"@type":"WebPage","@id":"https:\/\/visite.be\/fr\/conditions-generales-dutilisation\/","url":"https:\/\/visite.be\/fr\/conditions-generales-dutilisation\/","name":"Conditions g\u00e9n\u00e9rales d'utilisation - Visite","isPartOf":{"@id":"https:\/\/visite.be\/fr\/#website"},"datePublished":"2024-12-11T17:40:59+00:00","dateModified":"2026-01-06T15:28:34+00:00","breadcrumb":{"@id":"https:\/\/visite.be\/fr\/conditions-generales-dutilisation\/#breadcrumb"},"inLanguage":"fr-FR","potentialAction":[{"@type":"ReadAction","target":["https:\/\/visite.be\/fr\/conditions-generales-dutilisation\/"]}]},{"@type":"BreadcrumbList","@id":"https:\/\/visite.be\/fr\/conditions-generales-dutilisation\/#breadcrumb","itemListElement":[{"@type":"ListItem","position":1,"name":"Home","item":"https:\/\/visite.be\/fr\/"},{"@type":"ListItem","position":2,"name":"Conditions g\u00e9n\u00e9rales d&rsquo;utilisation"}]},{"@type":"WebSite","@id":"https:\/\/visite.be\/fr\/#website","url":"https:\/\/visite.be\/fr\/","name":"Visite","description":"Huis vol smaak","publisher":{"@id":"https:\/\/visite.be\/fr\/#organization"},"alternateName":"Restaurant B&B Visite","potentialAction":[{"@type":"SearchAction","target":{"@type":"EntryPoint","urlTemplate":"https:\/\/visite.be\/fr\/?s={search_term_string}"},"query-input":{"@type":"PropertyValueSpecification","valueRequired":true,"valueName":"search_term_string"}}],"inLanguage":"fr-FR"},{"@type":"Organization","@id":"https:\/\/visite.be\/fr\/#organization","name":"Visite","alternateName":"Restaurant B&B Visite","url":"https:\/\/visite.be\/fr\/","logo":{"@type":"ImageObject","inLanguage":"fr-FR","@id":"https:\/\/visite.be\/fr\/#\/schema\/logo\/image\/","url":"https:\/\/visite.be\/wp-content\/uploads\/2024\/11\/visite_web-1.png","contentUrl":"https:\/\/visite.be\/wp-content\/uploads\/2024\/11\/visite_web-1.png","width":101,"height":113,"caption":"Visite"},"image":{"@id":"https:\/\/visite.be\/fr\/#\/schema\/logo\/image\/"},"sameAs":["https:\/\/www.facebook.com\/Visite.be"]}]}},"_links":{"self":[{"href":"https:\/\/visite.be\/fr\/wp-json\/wp\/v2\/pages\/6017","targetHints":{"allow":["GET"]}}],"collection":[{"href":"https:\/\/visite.be\/fr\/wp-json\/wp\/v2\/pages"}],"about":[{"href":"https:\/\/visite.be\/fr\/wp-json\/wp\/v2\/types\/page"}],"author":[{"embeddable":true,"href":"https:\/\/visite.be\/fr\/wp-json\/wp\/v2\/users\/1"}],"replies":[{"embeddable":true,"href":"https:\/\/visite.be\/fr\/wp-json\/wp\/v2\/comments?post=6017"}],"version-history":[{"count":0,"href":"https:\/\/visite.be\/fr\/wp-json\/wp\/v2\/pages\/6017\/revisions"}],"wp:attachment":[{"href":"https:\/\/visite.be\/fr\/wp-json\/wp\/v2\/media?parent=6017"}],"curies":[{"name":"wp","href":"https:\/\/api.w.org\/{rel}","templated":true}]}}